{"id":1111,"date":"2025-01-27T14:26:47","date_gmt":"2025-01-27T17:26:47","guid":{"rendered":"https:\/\/nucleodisca.cl\/?page_id=1111"},"modified":"2026-04-01T12:33:35","modified_gmt":"2026-04-01T16:33:35","slug":"pedro-jofre","status":"publish","type":"page","link":"https:\/\/nucleodisca.cl\/en\/quienes-somos\/estudiantes\/estudiantes-egresados\/pedro-jofre\/","title":{"rendered":"Pedro Jofr\u00e9"},"content":{"rendered":"<p><\/p>\n<p class=\"\" data-start=\"59\" data-end=\"310\">Pedro Jofr\u00e9 is a sociology student at Diego Portales University, with a special interest in gender, sexuality, and disability issues. He completed the university\u2019s Honors Diploma in Gender Studies, focusing on critical theory and feminist studies.<\/p>\n<p class=\"\" data-start=\"312\" data-end=\"802\">In 2024, he joined the N\u00facleo Milenio DISCA after developing his undergraduate thesis within one of the N\u00facleo\u2019s research lines. His research, titled <em data-start=\"462\" data-end=\"552\">Virtual Interactions and Physical Disability: A Study on the Use of Dating Apps in Chile<\/em>, explores how people with physical disabilities construct their identities and manage the disclosure of their disability in digital environments, offering a critical perspective on sexual-affective relationships and social exclusion in these spaces.<\/p>\n<p class=\"\" data-start=\"804\" data-end=\"1002\">As a member of DISCA, he participated in the First Congress on \u201cDisability and Citizenship,\u201d in the roundtable <em data-start=\"915\" data-end=\"958\">\u201cExperiences of People with Disabilities\u201d<\/em>, where he presented his graduation project.<\/p>\n<p><\/p>","protected":false},"excerpt":{"rendered":"<p>Pedro Jofr\u00e9 is a sociology student at Diego Portales University, with a special interest in gender, sexuality, and disability issues. He completed the university\u2019s Honors Diploma in Gender Studies, focusing on critical theory and feminist studies. In 2024, he joined the N\u00facleo Milenio DISCA after developing his undergraduate thesis within one of the N\u00facleo\u2019s research [&hellip;]<\/p>\n","protected":false},"author":5,"featured_media":1247,"parent":2071,"menu_order":0,"comment_status":"closed","ping_status":"closed","template":"","meta":{"_acf_changed":false,"footnotes":""},"class_list":["post-1111","page","type-page","status-publish","has-post-thumbnail","hentry"],"acf":[],"yoast_head":"<!-- This site is optimized with the Yoast SEO plugin v25.6 - https:\/\/yoast.com\/wordpress\/plugins\/seo\/ -->\n<title>Pedro Jofr\u00e9 - N\u00facleo Disca<\/title>\n<meta name=\"robots\" content=\"index, follow, max-snippet:-1, max-image-preview:large, max-video-preview:-1\" \/>\n<link rel=\"canonical\" href=\"https:\/\/nucleodisca.cl\/quienes-somos\/estudiantes\/estudiantes-egresados\/pedro-jofre\/\" \/>\n<meta property=\"og:locale\" content=\"en_US\" \/>\n<meta property=\"og:type\" content=\"article\" \/>\n<meta property=\"og:title\" content=\"Pedro Jofr\u00e9 - N\u00facleo Disca\" \/>\n<meta property=\"og:description\" content=\"Pedro Jofr\u00e9 is a sociology student at Diego Portales University, with a special interest in gender, sexuality, and disability issues. He completed the university\u2019s Honors Diploma in Gender Studies, focusing on critical theory and feminist studies. In 2024, he joined the N\u00facleo Milenio DISCA after developing his undergraduate thesis within one of the N\u00facleo\u2019s research [&hellip;]\" \/>\n<meta property=\"og:url\" content=\"https:\/\/nucleodisca.cl\/quienes-somos\/estudiantes\/estudiantes-egresados\/pedro-jofre\/\" \/>\n<meta property=\"og:site_name\" content=\"N\u00facleo Disca\" \/>\n<meta property=\"article:publisher\" content=\"https:\/\/www.facebook.com\/nucleodisca\" \/>\n<meta property=\"article:modified_time\" content=\"2026-04-01T16:33:35+00:00\" \/>\n<meta property=\"og:image\" content=\"https:\/\/nucleodisca.cl\/cms\/wp-content\/uploads\/2025\/05\/IMG_9686-Foto-DISCA-PEDRO-JOFRE-GUERRERO-1-scaled.jpg\" \/>\n\t<meta property=\"og:image:width\" content=\"1920\" \/>\n\t<meta property=\"og:image:height\" content=\"2560\" \/>\n\t<meta property=\"og:image:type\" content=\"image\/jpeg\" \/>\n<meta name=\"twitter:card\" content=\"summary_large_image\" \/>\n<meta name=\"twitter:site\" content=\"@NucleoDISCA\" \/>\n<meta name=\"twitter:label1\" content=\"Est. reading time\" \/>\n\t<meta name=\"twitter:data1\" content=\"1 minute\" \/>\n<script type=\"application\/ld+json\" class=\"yoast-schema-graph\">{\"@context\":\"https:\/\/schema.org\",\"@graph\":[{\"@type\":\"WebPage\",\"@id\":\"https:\/\/nucleodisca.cl\/quienes-somos\/estudiantes\/estudiantes-egresados\/pedro-jofre\/\",\"url\":\"https:\/\/nucleodisca.cl\/quienes-somos\/estudiantes\/estudiantes-egresados\/pedro-jofre\/\",\"name\":\"Pedro Jofr\u00e9 - N\u00facleo Disca\",\"isPartOf\":{\"@id\":\"https:\/\/nucleodisca.cl\/#website\"},\"primaryImageOfPage\":{\"@id\":\"https:\/\/nucleodisca.cl\/quienes-somos\/estudiantes\/estudiantes-egresados\/pedro-jofre\/#primaryimage\"},\"image\":{\"@id\":\"https:\/\/nucleodisca.cl\/quienes-somos\/estudiantes\/estudiantes-egresados\/pedro-jofre\/#primaryimage\"},\"thumbnailUrl\":\"https:\/\/nucleodisca.cl\/cms\/wp-content\/uploads\/2025\/05\/IMG_9686-Foto-DISCA-PEDRO-JOFRE-GUERRERO-1-scaled.jpg\",\"datePublished\":\"2025-01-27T17:26:47+00:00\",\"dateModified\":\"2026-04-01T16:33:35+00:00\",\"breadcrumb\":{\"@id\":\"https:\/\/nucleodisca.cl\/quienes-somos\/estudiantes\/estudiantes-egresados\/pedro-jofre\/#breadcrumb\"},\"inLanguage\":\"en-US\",\"potentialAction\":[{\"@type\":\"ReadAction\",\"target\":[\"https:\/\/nucleodisca.cl\/quienes-somos\/estudiantes\/estudiantes-egresados\/pedro-jofre\/\"]}]},{\"@type\":\"ImageObject\",\"inLanguage\":\"en-US\",\"@id\":\"https:\/\/nucleodisca.cl\/quienes-somos\/estudiantes\/estudiantes-egresados\/pedro-jofre\/#primaryimage\",\"url\":\"https:\/\/nucleodisca.cl\/cms\/wp-content\/uploads\/2025\/05\/IMG_9686-Foto-DISCA-PEDRO-JOFRE-GUERRERO-1-scaled.jpg\",\"contentUrl\":\"https:\/\/nucleodisca.cl\/cms\/wp-content\/uploads\/2025\/05\/IMG_9686-Foto-DISCA-PEDRO-JOFRE-GUERRERO-1-scaled.jpg\",\"width\":1920,\"height\":2560},{\"@type\":\"BreadcrumbList\",\"@id\":\"https:\/\/nucleodisca.cl\/quienes-somos\/estudiantes\/estudiantes-egresados\/pedro-jofre\/#breadcrumb\",\"itemListElement\":[{\"@type\":\"ListItem\",\"position\":1,\"name\":\"Portada\",\"item\":\"https:\/\/nucleodisca.cl\/\"},{\"@type\":\"ListItem\",\"position\":2,\"name\":\"Qui\u00e9nes somos\",\"item\":\"https:\/\/nucleodisca.cl\/quienes-somos\/\"},{\"@type\":\"ListItem\",\"position\":3,\"name\":\"Estudiantes\",\"item\":\"https:\/\/nucleodisca.cl\/quienes-somos\/estudiantes\/\"},{\"@type\":\"ListItem\",\"position\":4,\"name\":\"Estudiantes egresados\",\"item\":\"https:\/\/nucleodisca.cl\/quienes-somos\/estudiantes\/estudiantes-egresados\/\"},{\"@type\":\"ListItem\",\"position\":5,\"name\":\"Pedro Jofr\u00e9\"}]},{\"@type\":\"WebSite\",\"@id\":\"https:\/\/nucleodisca.cl\/#website\",\"url\":\"https:\/\/nucleodisca.cl\/\",\"name\":\"N\u00facleo Disca\",\"description\":\"Disability and citizenship\",\"publisher\":{\"@id\":\"https:\/\/nucleodisca.cl\/#organization\"},\"potentialAction\":[{\"@type\":\"SearchAction\",\"target\":{\"@type\":\"EntryPoint\",\"urlTemplate\":\"https:\/\/nucleodisca.cl\/?s={search_term_string}\"},\"query-input\":{\"@type\":\"PropertyValueSpecification\",\"valueRequired\":true,\"valueName\":\"search_term_string\"}}],\"inLanguage\":\"en-US\"},{\"@type\":\"Organization\",\"@id\":\"https:\/\/nucleodisca.cl\/#organization\",\"name\":\"N\u00facleo Milenio Disca\",\"url\":\"https:\/\/nucleodisca.cl\/\",\"logo\":{\"@type\":\"ImageObject\",\"inLanguage\":\"en-US\",\"@id\":\"https:\/\/nucleodisca.cl\/#\/schema\/logo\/image\/\",\"url\":\"https:\/\/nucleodisca.cl\/cms\/wp-content\/uploads\/2023\/10\/DISCA-2-NEGRO-COLOR-A.png\",\"contentUrl\":\"https:\/\/nucleodisca.cl\/cms\/wp-content\/uploads\/2023\/10\/DISCA-2-NEGRO-COLOR-A.png\",\"width\":3319,\"height\":1759,\"caption\":\"N\u00facleo Milenio Disca\"},\"image\":{\"@id\":\"https:\/\/nucleodisca.cl\/#\/schema\/logo\/image\/\"},\"sameAs\":[\"https:\/\/www.facebook.com\/nucleodisca\",\"https:\/\/x.com\/NucleoDISCA\",\"https:\/\/www.instagram.com\/nucleodisca\/\",\"https:\/\/www.linkedin.com\/in\/andreaocampocea\/\"]}]}<\/script>\n<!-- \/ Yoast SEO plugin. -->","yoast_head_json":{"title":"Pedro Jofr\u00e9 - N\u00facleo Disca","robots":{"index":"index","follow":"follow","max-snippet":"max-snippet:-1","max-image-preview":"max-image-preview:large","max-video-preview":"max-video-preview:-1"},"canonical":"https:\/\/nucleodisca.cl\/quienes-somos\/estudiantes\/estudiantes-egresados\/pedro-jofre\/","og_locale":"en_US","og_type":"article","og_title":"Pedro Jofr\u00e9 - N\u00facleo Disca","og_description":"Pedro Jofr\u00e9 is a sociology student at Diego Portales University, with a special interest in gender, sexuality, and disability issues. He completed the university\u2019s Honors Diploma in Gender Studies, focusing on critical theory and feminist studies. In 2024, he joined the N\u00facleo Milenio DISCA after developing his undergraduate thesis within one of the N\u00facleo\u2019s research [&hellip;]","og_url":"https:\/\/nucleodisca.cl\/quienes-somos\/estudiantes\/estudiantes-egresados\/pedro-jofre\/","og_site_name":"N\u00facleo Disca","article_publisher":"https:\/\/www.facebook.com\/nucleodisca","article_modified_time":"2026-04-01T16:33:35+00:00","og_image":[{"width":1920,"height":2560,"url":"https:\/\/nucleodisca.cl\/cms\/wp-content\/uploads\/2025\/05\/IMG_9686-Foto-DISCA-PEDRO-JOFRE-GUERRERO-1-scaled.jpg","type":"image\/jpeg"}],"twitter_card":"summary_large_image","twitter_site":"@NucleoDISCA","twitter_misc":{"Est. reading time":"1 minute"},"schema":{"@context":"https:\/\/schema.org","@graph":[{"@type":"WebPage","@id":"https:\/\/nucleodisca.cl\/quienes-somos\/estudiantes\/estudiantes-egresados\/pedro-jofre\/","url":"https:\/\/nucleodisca.cl\/quienes-somos\/estudiantes\/estudiantes-egresados\/pedro-jofre\/","name":"Pedro Jofr\u00e9 - N\u00facleo Disca","isPartOf":{"@id":"https:\/\/nucleodisca.cl\/#website"},"primaryImageOfPage":{"@id":"https:\/\/nucleodisca.cl\/quienes-somos\/estudiantes\/estudiantes-egresados\/pedro-jofre\/#primaryimage"},"image":{"@id":"https:\/\/nucleodisca.cl\/quienes-somos\/estudiantes\/estudiantes-egresados\/pedro-jofre\/#primaryimage"},"thumbnailUrl":"https:\/\/nucleodisca.cl\/cms\/wp-content\/uploads\/2025\/05\/IMG_9686-Foto-DISCA-PEDRO-JOFRE-GUERRERO-1-scaled.jpg","datePublished":"2025-01-27T17:26:47+00:00","dateModified":"2026-04-01T16:33:35+00:00","breadcrumb":{"@id":"https:\/\/nucleodisca.cl\/quienes-somos\/estudiantes\/estudiantes-egresados\/pedro-jofre\/#breadcrumb"},"inLanguage":"en-US","potentialAction":[{"@type":"ReadAction","target":["https:\/\/nucleodisca.cl\/quienes-somos\/estudiantes\/estudiantes-egresados\/pedro-jofre\/"]}]},{"@type":"ImageObject","inLanguage":"en-US","@id":"https:\/\/nucleodisca.cl\/quienes-somos\/estudiantes\/estudiantes-egresados\/pedro-jofre\/#primaryimage","url":"https:\/\/nucleodisca.cl\/cms\/wp-content\/uploads\/2025\/05\/IMG_9686-Foto-DISCA-PEDRO-JOFRE-GUERRERO-1-scaled.jpg","contentUrl":"https:\/\/nucleodisca.cl\/cms\/wp-content\/uploads\/2025\/05\/IMG_9686-Foto-DISCA-PEDRO-JOFRE-GUERRERO-1-scaled.jpg","width":1920,"height":2560},{"@type":"BreadcrumbList","@id":"https:\/\/nucleodisca.cl\/quienes-somos\/estudiantes\/estudiantes-egresados\/pedro-jofre\/#breadcrumb","itemListElement":[{"@type":"ListItem","position":1,"name":"Portada","item":"https:\/\/nucleodisca.cl\/"},{"@type":"ListItem","position":2,"name":"Qui\u00e9nes somos","item":"https:\/\/nucleodisca.cl\/quienes-somos\/"},{"@type":"ListItem","position":3,"name":"Estudiantes","item":"https:\/\/nucleodisca.cl\/quienes-somos\/estudiantes\/"},{"@type":"ListItem","position":4,"name":"Estudiantes egresados","item":"https:\/\/nucleodisca.cl\/quienes-somos\/estudiantes\/estudiantes-egresados\/"},{"@type":"ListItem","position":5,"name":"Pedro Jofr\u00e9"}]},{"@type":"WebSite","@id":"https:\/\/nucleodisca.cl\/#website","url":"https:\/\/nucleodisca.cl\/","name":"N\u00facleo Disca","description":"Disability and citizenship","publisher":{"@id":"https:\/\/nucleodisca.cl\/#organization"},"potentialAction":[{"@type":"SearchAction","target":{"@type":"EntryPoint","urlTemplate":"https:\/\/nucleodisca.cl\/?s={search_term_string}"},"query-input":{"@type":"PropertyValueSpecification","valueRequired":true,"valueName":"search_term_string"}}],"inLanguage":"en-US"},{"@type":"Organization","@id":"https:\/\/nucleodisca.cl\/#organization","name":"N\u00facleo Milenio Disca","url":"https:\/\/nucleodisca.cl\/","logo":{"@type":"ImageObject","inLanguage":"en-US","@id":"https:\/\/nucleodisca.cl\/#\/schema\/logo\/image\/","url":"https:\/\/nucleodisca.cl\/cms\/wp-content\/uploads\/2023\/10\/DISCA-2-NEGRO-COLOR-A.png","contentUrl":"https:\/\/nucleodisca.cl\/cms\/wp-content\/uploads\/2023\/10\/DISCA-2-NEGRO-COLOR-A.png","width":3319,"height":1759,"caption":"N\u00facleo Milenio Disca"},"image":{"@id":"https:\/\/nucleodisca.cl\/#\/schema\/logo\/image\/"},"sameAs":["https:\/\/www.facebook.com\/nucleodisca","https:\/\/x.com\/NucleoDISCA","https:\/\/www.instagram.com\/nucleodisca\/","https:\/\/www.linkedin.com\/in\/andreaocampocea\/"]}]}},"_links":{"self":[{"href":"https:\/\/nucleodisca.cl\/en\/wp-json\/wp\/v2\/pages\/1111","targetHints":{"allow":["GET"]}}],"collection":[{"href":"https:\/\/nucleodisca.cl\/en\/wp-json\/wp\/v2\/pages"}],"about":[{"href":"https:\/\/nucleodisca.cl\/en\/wp-json\/wp\/v2\/types\/page"}],"author":[{"embeddable":true,"href":"https:\/\/nucleodisca.cl\/en\/wp-json\/wp\/v2\/users\/5"}],"replies":[{"embeddable":true,"href":"https:\/\/nucleodisca.cl\/en\/wp-json\/wp\/v2\/comments?post=1111"}],"version-history":[{"count":3,"href":"https:\/\/nucleodisca.cl\/en\/wp-json\/wp\/v2\/pages\/1111\/revisions"}],"predecessor-version":[{"id":1250,"href":"https:\/\/nucleodisca.cl\/en\/wp-json\/wp\/v2\/pages\/1111\/revisions\/1250"}],"up":[{"embeddable":true,"href":"https:\/\/nucleodisca.cl\/en\/wp-json\/wp\/v2\/pages\/2071"}],"wp:featuredmedia":[{"embeddable":true,"href":"https:\/\/nucleodisca.cl\/en\/wp-json\/wp\/v2\/media\/1247"}],"wp:attachment":[{"href":"https:\/\/nucleodisca.cl\/en\/wp-json\/wp\/v2\/media?parent=1111"}],"curies":[{"name":"wp","href":"https:\/\/api.w.org\/{rel}","templated":true}]}}